{"id":2163,"date":"2025-06-27T08:05:57","date_gmt":"2025-06-27T08:05:57","guid":{"rendered":"https:\/\/reterr.it\/?page_id=2163"},"modified":"2025-10-27T07:48:18","modified_gmt":"2025-10-27T07:48:18","slug":"home-2","status":"publish","type":"page","link":"https:\/\/reterr.it\/","title":{"rendered":"Home"},"content":{"rendered":"\t\t<div data-elementor-type=\"wp-page\" data-elementor-id=\"2163\" class=\"elementor elementor-2163\">\n\t\t\t\t<div class=\"elementor-element elementor-element-47902472 e-flex e-con-boxed elementor-repeater-item-default_padding elementor-repeater-item-none elementor-repeater-item-none_hover e-con e-parent\" data-id=\"47902472\" data-element_type=\"container\" data-settings=\"{&quot;ang_container_spacing_size&quot;:&quot;default_padding&quot;}\">\n\t\t\t\t\t<div class=\"e-con-inner\">\n\t\t\t\t<div class=\"elementor-element elementor-element-f7027b5 elementor-repeater-item-none elementor-repeater-item-none_hover elementor-widget elementor-widget-spacer\" data-id=\"f7027b5\" data-element_type=\"widget\" data-widget_type=\"spacer.default\">\n\t\t\t\t<div class=\"elementor-widget-container\">\n\t\t\t\t\t\t\t<div class=\"elementor-spacer\">\n\t\t\t<div class=\"elementor-spacer-inner\"><\/div>\n\t\t<\/div>\n\t\t\t\t\t\t<\/div>\n\t\t\t\t<\/div>\n\t\t\t\t\t<\/div>\n\t\t\t\t<\/div>\n\t\t<div class=\"elementor-element elementor-element-8c9291c sk-light-bg e-flex e-con-boxed elementor-repeater-item-default_padding elementor-repeater-item-none elementor-repeater-item-none_hover e-con e-parent\" data-id=\"8c9291c\" data-element_type=\"container\" data-settings=\"{&quot;background_background&quot;:&quot;classic&quot;,&quot;ang_container_spacing_size&quot;:&quot;default_padding&quot;}\">\n\t\t\t\t\t<div class=\"e-con-inner\">\n\t\t\t\t<div class=\"elementor-element elementor-element-722e6dc elementor-repeater-item-none elementor-repeater-item-none_hover elementor-widget elementor-widget-text-editor\" data-id=\"722e6dc\" data-element_type=\"widget\" data-widget_type=\"text-editor.default\">\n\t\t\t\t<div class=\"elementor-widget-container\">\n\t\t\t\t\t\t\t\t\t<p style=\"text-align: center;\">Siamo un&#8217;<strong>Associazione di Solidariet\u00e0 Internazionale<\/strong><\/p><p style=\"text-align: center;\">Persone che condividono il desiderio e l&#8217;impegno di poter essere <strong>voce di chi non ha voce.<\/strong><\/p><p style=\"text-align: center;\">Diffondiamo informazioni trascurate dai media. Sosteniamo chi ha un sogno di liberazione.<\/p>\t\t\t\t\t\t\t\t<\/div>\n\t\t\t\t<\/div>\n\t\t\t\t<div class=\"elementor-element elementor-element-b62105c elementor-align-center elementor-repeater-item-none elementor-repeater-item-none_hover elementor-widget elementor-widget-button\" data-id=\"b62105c\" data-element_type=\"widget\" data-widget_type=\"button.default\">\n\t\t\t\t<div class=\"elementor-widget-container\">\n\t\t\t\t\t\t\t\t\t<div class=\"elementor-button-wrapper\">\n\t\t\t\t\t<a class=\"elementor-button elementor-button-link elementor-size-sm\" href=\"https:\/\/reterr.it\/?page_id=228\">\n\t\t\t\t\t\t<span class=\"elementor-button-content-wrapper\">\n\t\t\t\t\t\t\t\t\t<span class=\"elementor-button-text\">Scopri di pi\u00f9<\/span>\n\t\t\t\t\t<\/span>\n\t\t\t\t\t<\/a>\n\t\t\t\t<\/div>\n\t\t\t\t\t\t\t\t<\/div>\n\t\t\t\t<\/div>\n\t\t\t\t<div class=\"elementor-element elementor-element-ef1605e elementor-align-center elementor-repeater-item-none elementor-repeater-item-none_hover elementor-widget elementor-widget-button\" data-id=\"ef1605e\" data-element_type=\"widget\" id=\"Adesione\" data-widget_type=\"button.default\">\n\t\t\t\t<div class=\"elementor-widget-container\">\n\t\t\t\t\t\t\t\t\t<div class=\"elementor-button-wrapper\">\n\t\t\t\t\t<a class=\"elementor-button elementor-button-link elementor-size-sm\" href=\"https:\/\/reterr.it\/?page_id=228#Adesione\">\n\t\t\t\t\t\t<span class=\"elementor-button-content-wrapper\">\n\t\t\t\t\t\t\t\t\t<span class=\"elementor-button-text\">Come Aderire<\/span>\n\t\t\t\t\t<\/span>\n\t\t\t\t\t<\/a>\n\t\t\t\t<\/div>\n\t\t\t\t\t\t\t\t<\/div>\n\t\t\t\t<\/div>\n\t\t\t\t\t<\/div>\n\t\t\t\t<\/div>\n\t\t<div class=\"elementor-element elementor-element-5591123 e-flex e-con-boxed elementor-repeater-item-default_padding elementor-repeater-item-none elementor-repeater-item-none_hover e-con e-parent\" data-id=\"5591123\" data-element_type=\"container\" data-settings=\"{&quot;ang_container_spacing_size&quot;:&quot;default_padding&quot;}\">\n\t\t\t\t\t<div class=\"e-con-inner\">\n\t\t\t\t<div class=\"elementor-element elementor-element-f75fb90 elementor-repeater-item-none elementor-repeater-item-none_hover elementor-widget elementor-widget-spacer\" data-id=\"f75fb90\" data-element_type=\"widget\" data-widget_type=\"spacer.default\">\n\t\t\t\t<div class=\"elementor-widget-container\">\n\t\t\t\t\t\t\t<div class=\"elementor-spacer\">\n\t\t\t<div class=\"elementor-spacer-inner\"><\/div>\n\t\t<\/div>\n\t\t\t\t\t\t<\/div>\n\t\t\t\t<\/div>\n\t\t\t\t<div class=\"elementor-element elementor-element-8a66518 wpr-grid-columns-3 wpr-grid-columns--tablet2 wpr-grid-columns--mobile1 wpr-grid-pagination-center wpr-item-styles-inner elementor-repeater-item-none elementor-repeater-item-none_hover elementor-widget elementor-widget-wpr-grid\" data-id=\"8a66518\" data-element_type=\"widget\" data-widget_type=\"wpr-grid.default\">\n\t\t\t\t<div class=\"elementor-widget-container\">\n\t\t\t\t\t<ul class=\"wpr-grid-filters elementor-clearfix wpr-grid-filters-sep-right\"><li class=\" wpr-pointer-none wpr-pointer-line-fx wpr-pointer-fx-none\"><span  data-filter=\"*\" class=\"wpr-grid-filters-item wpr-active-filter \">All Posts<\/span><em class=\"wpr-grid-filters-sep\"><\/em><\/li><li data-role=\"parent\" class=\" wpr-pointer-none wpr-pointer-line-fx wpr-pointer-fx-none\"><span   data-ajax-filter=[\"category\",\"eventi\"]  data-filter=\".category-eventi\">Eventi<\/span><em class=\"wpr-grid-filters-sep\"><\/em><\/li><li data-role=\"parent\" class=\" wpr-pointer-none wpr-pointer-line-fx wpr-pointer-fx-none\"><span   data-ajax-filter=[\"category\",\"controinformazione\"]  data-filter=\".category-controinformazione\">Controinformazione<\/span><em class=\"wpr-grid-filters-sep\"><\/em><\/li><ul data-parent=\".category-eventi\" class=\"wpr-sub-filters\"><li data-role=\"back\" class=\" wpr-pointer-none wpr-pointer-line-fx wpr-pointer-fx-none\"><span class=\"wpr-back-filter\"  data-ajax-filter=[\"category\",\"eventi\"]  data-filter=\".category-eventi\"><i class=\"fas fa-long-arrow-alt-left\"><\/i>&nbsp;&nbsp;Back<\/span><\/li><li data-role=\"sub\" class=\" wpr-pointer-none wpr-pointer-line-fx wpr-pointer-fx-none\"><span   data-ajax-filter=[\"category\",\"convegni\"]  data-filter=\".category-convegni\">Convegni<\/span><em class=\"wpr-grid-filters-sep\"><\/em><\/li><li data-role=\"sub\" class=\" wpr-pointer-none wpr-pointer-line-fx wpr-pointer-fx-none\"><span   data-ajax-filter=[\"category\",\"seminari\"]  data-filter=\".category-seminari\">Seminari<\/span><em class=\"wpr-grid-filters-sep\"><\/em><\/li><li data-role=\"sub\" class=\" wpr-pointer-none wpr-pointer-line-fx wpr-pointer-fx-none\"><span   data-ajax-filter=[\"category\",\"coordinamenti\"]  data-filter=\".category-coordinamenti\">Coordinamenti<\/span><em class=\"wpr-grid-filters-sep\"><\/em><\/li><\/ul><\/ul><section class=\"wpr-grid elementor-clearfix\" data-settings=\"{&quot;layout&quot;:&quot;fitRows&quot;,&quot;stick_last_element_to_bottom&quot;:&quot;&quot;,&quot;columns_desktop&quot;:3,&quot;gutter_hr&quot;:15,&quot;gutter_hr_mobile&quot;:15,&quot;gutter_hr_mobile_extra&quot;:15,&quot;gutter_hr_tablet&quot;:15,&quot;gutter_hr_tablet_extra&quot;:15,&quot;gutter_hr_laptop&quot;:15,&quot;gutter_hr_widescreen&quot;:15,&quot;gutter_vr&quot;:15,&quot;gutter_vr_mobile&quot;:15,&quot;gutter_vr_mobile_extra&quot;:15,&quot;gutter_vr_tablet&quot;:15,&quot;gutter_vr_tablet_extra&quot;:15,&quot;gutter_vr_laptop&quot;:15,&quot;gutter_vr_widescreen&quot;:15,&quot;animation&quot;:&quot;default&quot;,&quot;animation_duration&quot;:0.3,&quot;animation_delay&quot;:0.1,&quot;deeplinking&quot;:&quot;&quot;,&quot;filters_linkable&quot;:&quot;no&quot;,&quot;filters_default_filter&quot;:&quot;&quot;,&quot;filters_count&quot;:&quot;&quot;,&quot;filters_hide_empty&quot;:&quot;no&quot;,&quot;filters_animation&quot;:&quot;default&quot;,&quot;filters_animation_duration&quot;:0.3,&quot;filters_animation_delay&quot;:0.1,&quot;pagination_type&quot;:&quot;load-more&quot;,&quot;pagination_max_pages&quot;:11,&quot;lightbox&quot;:{&quot;selector&quot;:&quot;.wpr-grid-image-wrap&quot;,&quot;iframeMaxWidth&quot;:&quot;60%&quot;,&quot;hash&quot;:false,&quot;autoplay&quot;:&quot;true&quot;,&quot;pause&quot;:5000,&quot;progressBar&quot;:&quot;true&quot;,&quot;counter&quot;:&quot;true&quot;,&quot;controls&quot;:&quot;true&quot;,&quot;getCaptionFromTitleOrAlt&quot;:&quot;true&quot;,&quot;thumbnail&quot;:&quot;&quot;,&quot;showThumbByDefault&quot;:&quot;&quot;,&quot;share&quot;:&quot;&quot;,&quot;zoom&quot;:&quot;true&quot;,&quot;fullScreen&quot;:&quot;true&quot;,&quot;download&quot;:&quot;true&quot;}}\"><article class=\"wpr-grid-item elementor-clearfix post-4544 post type-post status-publish format-standard has-post-thumbnail hentry category-controinformazione\"><div class=\"wpr-grid-item-inner\"><div class=\"wpr-grid-media-wrap wpr-effect-size-medium \" data-overlay-link=\"yes\"><div class=\"wpr-grid-image-wrap\" data-src=\"https:\/\/reterr.it\/wp-content\/uploads\/2026\/04\/PeritoMoreno004.jpg\" data-img-on-hover=\"\"  data-src-secondary=\"\"><img decoding=\"async\" data-no-lazy=\"1\" src=\"https:\/\/reterr.it\/wp-content\/uploads\/2026\/04\/PeritoMoreno004.jpg\" alt=\"Le reazione della scienza alla legge argentina che apre allo sfruttamento dei ghiacciai, gi\u00e0 agonizzanti a causa del clima che cambia\" class=\"wpr-anim-timing-ease-default\"><\/div><div class=\"wpr-grid-media-hover wpr-animation-wrap\"><div class=\"wpr-grid-media-hover-bg  wpr-overlay-fade-in wpr-anim-size-large wpr-anim-timing-ease-default wpr-anim-transparency\" data-url=\"https:\/\/reterr.it\/?p=4544\"><\/div><\/div><\/div><div class=\"wpr-grid-item-below-content elementor-clearfix\"><h2 class=\"wpr-grid-item-title elementor-repeater-item-af372f4 wpr-grid-item-display-block wpr-grid-item-align-center wpr-pointer-none wpr-pointer-line-fx wpr-pointer-fx-fade\"><div class=\"inner-block\"><a target=\"_self\"  href=\"https:\/\/reterr.it\/?p=4544\">Le reazione della scienza alla legge argentina che apre allo sfruttamento dei ghiacciai, gi\u00e0 agonizzanti a causa del clima che&hellip;<\/a><\/div><\/h2><div class=\"wpr-grid-item-separator elementor-repeater-item-acf6a1d wpr-grid-item-display-block wpr-grid-item-align-left wpr-grid-sep-style-1\"><div class=\"inner-block\"><span><\/span><\/div><\/div><div class=\"wpr-grid-item-date elementor-repeater-item-c97e112 wpr-grid-item-display-inline wpr-grid-item-align-center\"><div class=\"inner-block\"><span>Aprile 2026<span class=\"wpr-grid-extra-text-right\"><\/span><\/span><\/div><\/div><div class=\"wpr-grid-item-separator elementor-repeater-item-1281b9b wpr-grid-item-display-block wpr-grid-item-align-left wpr-grid-sep-style-1\"><div class=\"inner-block\"><span><\/span><\/div><\/div><div class=\"wpr-grid-item-excerpt elementor-repeater-item-2f97af2 wpr-grid-item-display-block wpr-grid-item-align-center\"><div class=\"inner-block\"><p>Le reazione della scienza alla legge argentina che apre allo sfruttamento dei ghiacciai, gi\u00e0 agonizzanti a causa del clima che...<\/p><\/div><\/div><div class=\"wpr-grid-item-read-more elementor-repeater-item-0400890 wpr-grid-item-display-block wpr-grid-item-align-center\"><div class=\"inner-block\"><a target=\"_self\" href=\"https:\/\/reterr.it\/?p=4544\" class=\"wpr-button-effect wpr-button-none\"><span>Approfondisci<\/span><\/a><\/div><\/div><\/div><\/div><\/article><article class=\"wpr-grid-item elementor-clearfix post-4414 post type-post status-publish format-standard has-post-thumbnail hentry category-convegni\"><div class=\"wpr-grid-item-inner\"><div class=\"wpr-grid-media-wrap wpr-effect-size-medium \" data-overlay-link=\"yes\"><div class=\"wpr-grid-image-wrap\" data-src=\"https:\/\/reterr.it\/wp-content\/uploads\/2026\/03\/Le-donne-palestinesi-rompono-il-silenzio-1-5rWjwMCcu1O2.jpeg\" data-img-on-hover=\"\"  data-src-secondary=\"\"><img decoding=\"async\" data-no-lazy=\"1\" src=\"https:\/\/reterr.it\/wp-content\/uploads\/2026\/03\/Le-donne-palestinesi-rompono-il-silenzio-1-5rWjwMCcu1O2.jpeg\" alt=\"Le donne palestinesi rompono il silenzio\" class=\"wpr-anim-timing-ease-default\"><\/div><div class=\"wpr-grid-media-hover wpr-animation-wrap\"><div class=\"wpr-grid-media-hover-bg  wpr-overlay-fade-in wpr-anim-size-large wpr-anim-timing-ease-default wpr-anim-transparency\" data-url=\"https:\/\/reterr.it\/?p=4414\"><\/div><\/div><\/div><div class=\"wpr-grid-item-below-content elementor-clearfix\"><h2 class=\"wpr-grid-item-title elementor-repeater-item-af372f4 wpr-grid-item-display-block wpr-grid-item-align-center wpr-pointer-none wpr-pointer-line-fx wpr-pointer-fx-fade\"><div class=\"inner-block\"><a target=\"_self\"  href=\"https:\/\/reterr.it\/?p=4414\">Le donne palestinesi rompono il silenzio<\/a><\/div><\/h2><div class=\"wpr-grid-item-separator elementor-repeater-item-acf6a1d wpr-grid-item-display-block wpr-grid-item-align-left wpr-grid-sep-style-1\"><div class=\"inner-block\"><span><\/span><\/div><\/div><div class=\"wpr-grid-item-date elementor-repeater-item-c97e112 wpr-grid-item-display-inline wpr-grid-item-align-center\"><div class=\"inner-block\"><span>Marzo 2026<span class=\"wpr-grid-extra-text-right\"><\/span><\/span><\/div><\/div><div class=\"wpr-grid-item-separator elementor-repeater-item-1281b9b wpr-grid-item-display-block wpr-grid-item-align-left wpr-grid-sep-style-1\"><div class=\"inner-block\"><span><\/span><\/div><\/div><div class=\"wpr-grid-item-excerpt elementor-repeater-item-2f97af2 wpr-grid-item-display-block wpr-grid-item-align-center\"><div class=\"inner-block\"><p>Incontro con Shahd Khader<\/p><\/div><\/div><div class=\"wpr-grid-item-read-more elementor-repeater-item-0400890 wpr-grid-item-display-block wpr-grid-item-align-center\"><div class=\"inner-block\"><a target=\"_self\" href=\"https:\/\/reterr.it\/?p=4414\" class=\"wpr-button-effect wpr-button-none\"><span>Approfondisci<\/span><\/a><\/div><\/div><\/div><\/div><\/article><article class=\"wpr-grid-item elementor-clearfix post-4409 post type-post status-publish format-standard has-post-thumbnail hentry category-controinformazione category-eventi\"><div class=\"wpr-grid-item-inner\"><div class=\"wpr-grid-media-wrap wpr-effect-size-medium \" data-overlay-link=\"yes\"><div class=\"wpr-grid-image-wrap\" data-src=\"https:\/\/reterr.it\/wp-content\/uploads\/2026\/03\/Donne-palestinesi-rIdwq0KXbxij.png\" data-img-on-hover=\"\"  data-src-secondary=\"\"><img decoding=\"async\" data-no-lazy=\"1\" src=\"https:\/\/reterr.it\/wp-content\/uploads\/2026\/03\/Donne-palestinesi-rIdwq0KXbxij.png\" alt=\"Giornata Internazionale della Donna: la resistenza ispiratrice delle donne palestinesi\" class=\"wpr-anim-timing-ease-default\"><\/div><div class=\"wpr-grid-media-hover wpr-animation-wrap\"><div class=\"wpr-grid-media-hover-bg  wpr-overlay-fade-in wpr-anim-size-large wpr-anim-timing-ease-default wpr-anim-transparency\" data-url=\"https:\/\/reterr.it\/?p=4409\"><\/div><\/div><\/div><div class=\"wpr-grid-item-below-content elementor-clearfix\"><h2 class=\"wpr-grid-item-title elementor-repeater-item-af372f4 wpr-grid-item-display-block wpr-grid-item-align-center wpr-pointer-none wpr-pointer-line-fx wpr-pointer-fx-fade\"><div class=\"inner-block\"><a target=\"_self\"  href=\"https:\/\/reterr.it\/?p=4409\">Giornata Internazionale della Donna: la resistenza ispiratrice delle donne palestinesi<\/a><\/div><\/h2><div class=\"wpr-grid-item-separator elementor-repeater-item-acf6a1d wpr-grid-item-display-block wpr-grid-item-align-left wpr-grid-sep-style-1\"><div class=\"inner-block\"><span><\/span><\/div><\/div><div class=\"wpr-grid-item-date elementor-repeater-item-c97e112 wpr-grid-item-display-inline wpr-grid-item-align-center\"><div class=\"inner-block\"><span>Marzo 2026<span class=\"wpr-grid-extra-text-right\"><\/span><\/span><\/div><\/div><div class=\"wpr-grid-item-separator elementor-repeater-item-1281b9b wpr-grid-item-display-block wpr-grid-item-align-left wpr-grid-sep-style-1\"><div class=\"inner-block\"><span><\/span><\/div><\/div><div class=\"wpr-grid-item-excerpt elementor-repeater-item-2f97af2 wpr-grid-item-display-block wpr-grid-item-align-center\"><div class=\"inner-block\"><p>8 Marzo 2026 Comitato Nazionale BDS (Boycott Divestment Sanctions) Dichiarazione del BDS National Committee 8 Marzo 2026\u00a0 Comitato Nazionale BDS...<\/p><\/div><\/div><div class=\"wpr-grid-item-read-more elementor-repeater-item-0400890 wpr-grid-item-display-block wpr-grid-item-align-center\"><div class=\"inner-block\"><a target=\"_self\" href=\"https:\/\/reterr.it\/?p=4409\" class=\"wpr-button-effect wpr-button-none\"><span>Approfondisci<\/span><\/a><\/div><\/div><\/div><\/div><\/article><article class=\"wpr-grid-item elementor-clearfix post-4401 post type-post status-publish format-standard has-post-thumbnail hentry category-eventi\"><div class=\"wpr-grid-item-inner\"><div class=\"wpr-grid-media-wrap wpr-effect-size-medium \" data-overlay-link=\"yes\"><div class=\"wpr-grid-image-wrap\" data-src=\"https:\/\/reterr.it\/wp-content\/uploads\/2026\/03\/IMG-20260226-WA0012-1-002-ThOaR5HlrdKv.jpg\" data-img-on-hover=\"\"  data-src-secondary=\"\"><img decoding=\"async\" data-no-lazy=\"1\" src=\"https:\/\/reterr.it\/wp-content\/uploads\/2026\/03\/IMG-20260226-WA0012-1-002-ThOaR5HlrdKv.jpg\" alt=\"12 Marzo 2026 ore 20,30 &#8211; Verona presso la Sala Africa di Vicolo Pozzo\" class=\"wpr-anim-timing-ease-default\"><\/div><div class=\"wpr-grid-media-hover wpr-animation-wrap\"><div class=\"wpr-grid-media-hover-bg  wpr-overlay-fade-in wpr-anim-size-large wpr-anim-timing-ease-default wpr-anim-transparency\" data-url=\"https:\/\/reterr.it\/?p=4401\"><\/div><\/div><\/div><div class=\"wpr-grid-item-below-content elementor-clearfix\"><h2 class=\"wpr-grid-item-title elementor-repeater-item-af372f4 wpr-grid-item-display-block wpr-grid-item-align-center wpr-pointer-none wpr-pointer-line-fx wpr-pointer-fx-fade\"><div class=\"inner-block\"><a target=\"_self\"  href=\"https:\/\/reterr.it\/?p=4401\">12 Marzo 2026 ore 20,30 &#8211; Verona presso la Sala Africa di Vicolo Pozzo<\/a><\/div><\/h2><div class=\"wpr-grid-item-separator elementor-repeater-item-acf6a1d wpr-grid-item-display-block wpr-grid-item-align-left wpr-grid-sep-style-1\"><div class=\"inner-block\"><span><\/span><\/div><\/div><div class=\"wpr-grid-item-date elementor-repeater-item-c97e112 wpr-grid-item-display-inline wpr-grid-item-align-center\"><div class=\"inner-block\"><span>Marzo 2026<span class=\"wpr-grid-extra-text-right\"><\/span><\/span><\/div><\/div><div class=\"wpr-grid-item-separator elementor-repeater-item-1281b9b wpr-grid-item-display-block wpr-grid-item-align-left wpr-grid-sep-style-1\"><div class=\"inner-block\"><span><\/span><\/div><\/div><div class=\"wpr-grid-item-excerpt elementor-repeater-item-2f97af2 wpr-grid-item-display-block wpr-grid-item-align-center\"><div class=\"inner-block\"><p>Incontro con Shahd Kadher attivista palestinese. \u201cAnche nei luoghi pi\u00f9 bui le donne continuano a costruire la vita\u201d<\/p><\/div><\/div><div class=\"wpr-grid-item-read-more elementor-repeater-item-0400890 wpr-grid-item-display-block wpr-grid-item-align-center\"><div class=\"inner-block\"><a target=\"_self\" href=\"https:\/\/reterr.it\/?p=4401\" class=\"wpr-button-effect wpr-button-none\"><span>Approfondisci<\/span><\/a><\/div><\/div><\/div><\/div><\/article><article class=\"wpr-grid-item elementor-clearfix post-4386 post type-post status-publish format-standard has-post-thumbnail hentry category-eventi tag-giugno-25\"><div class=\"wpr-grid-item-inner\"><div class=\"wpr-grid-media-wrap wpr-effect-size-medium \" data-overlay-link=\"yes\"><div class=\"wpr-grid-image-wrap\" data-src=\"https:\/\/reterr.it\/wp-content\/uploads\/2026\/03\/Immagine-2026-03-06-124617.jpg\" data-img-on-hover=\"\"  data-src-secondary=\"\"><img decoding=\"async\" data-no-lazy=\"1\" src=\"https:\/\/reterr.it\/wp-content\/uploads\/2026\/03\/Immagine-2026-03-06-124617.jpg\" alt=\"7 Marzo 2026 \u2013 Quarrata (PT) &#8211; &#8220;Anche nei luoghi pi\u00f9 bui le donne continuano a costruire la vita&#8221;\" class=\"wpr-anim-timing-ease-default\"><\/div><div class=\"wpr-grid-media-hover wpr-animation-wrap\"><div class=\"wpr-grid-media-hover-bg  wpr-overlay-fade-in wpr-anim-size-large wpr-anim-timing-ease-default wpr-anim-transparency\" data-url=\"https:\/\/reterr.it\/?p=4386\"><\/div><\/div><\/div><div class=\"wpr-grid-item-below-content elementor-clearfix\"><h2 class=\"wpr-grid-item-title elementor-repeater-item-af372f4 wpr-grid-item-display-block wpr-grid-item-align-center wpr-pointer-none wpr-pointer-line-fx wpr-pointer-fx-fade\"><div class=\"inner-block\"><a target=\"_self\"  href=\"https:\/\/reterr.it\/?p=4386\">7 Marzo 2026 \u2013 Quarrata (PT) &#8211; &#8220;Anche nei luoghi pi\u00f9 bui le donne continuano a costruire la vita&#8221;<\/a><\/div><\/h2><div class=\"wpr-grid-item-separator elementor-repeater-item-acf6a1d wpr-grid-item-display-block wpr-grid-item-align-left wpr-grid-sep-style-1\"><div class=\"inner-block\"><span><\/span><\/div><\/div><div class=\"wpr-grid-item-date elementor-repeater-item-c97e112 wpr-grid-item-display-inline wpr-grid-item-align-center\"><div class=\"inner-block\"><span>Marzo 2026<span class=\"wpr-grid-extra-text-right\"><\/span><\/span><\/div><\/div><div class=\"wpr-grid-item-separator elementor-repeater-item-1281b9b wpr-grid-item-display-block wpr-grid-item-align-left wpr-grid-sep-style-1\"><div class=\"inner-block\"><span><\/span><\/div><\/div><div class=\"wpr-grid-item-excerpt elementor-repeater-item-2f97af2 wpr-grid-item-display-block wpr-grid-item-align-center\"><div class=\"inner-block\"><p>Incontro con SHAHD KADHER, attivista della PWWSD<\/p><\/div><\/div><div class=\"wpr-grid-item-read-more elementor-repeater-item-0400890 wpr-grid-item-display-block wpr-grid-item-align-center\"><div class=\"inner-block\"><a target=\"_self\" href=\"https:\/\/reterr.it\/?p=4386\" class=\"wpr-button-effect wpr-button-none\"><span>Approfondisci<\/span><\/a><\/div><\/div><\/div><\/div><\/article><article class=\"wpr-grid-item elementor-clearfix post-4373 post type-post status-publish format-standard has-post-thumbnail hentry category-eventi tag-giugno-25\"><div class=\"wpr-grid-item-inner\"><div class=\"wpr-grid-media-wrap wpr-effect-size-medium \" data-overlay-link=\"yes\"><div class=\"wpr-grid-image-wrap\" data-src=\"https:\/\/reterr.it\/wp-content\/uploads\/2026\/03\/Immagine-2026-03-06-123448.jpg\" data-img-on-hover=\"\"  data-src-secondary=\"\"><img decoding=\"async\" data-no-lazy=\"1\" src=\"https:\/\/reterr.it\/wp-content\/uploads\/2026\/03\/Immagine-2026-03-06-123448.jpg\" alt=\"15-29 Marzo 2026 \u2013 &#8220;Polvere di guerra &#8211; Dalle macerie alla ricostruzione di pace&#8221;\" class=\"wpr-anim-timing-ease-default\"><\/div><div class=\"wpr-grid-media-hover wpr-animation-wrap\"><div class=\"wpr-grid-media-hover-bg  wpr-overlay-fade-in wpr-anim-size-large wpr-anim-timing-ease-default wpr-anim-transparency\" data-url=\"https:\/\/reterr.it\/?p=4373\"><\/div><\/div><\/div><div class=\"wpr-grid-item-below-content elementor-clearfix\"><h2 class=\"wpr-grid-item-title elementor-repeater-item-af372f4 wpr-grid-item-display-block wpr-grid-item-align-center wpr-pointer-none wpr-pointer-line-fx wpr-pointer-fx-fade\"><div class=\"inner-block\"><a target=\"_self\"  href=\"https:\/\/reterr.it\/?p=4373\">15-29 Marzo 2026 \u2013 &#8220;Polvere di guerra &#8211; Dalle macerie alla ricostruzione di pace&#8221;<\/a><\/div><\/h2><div class=\"wpr-grid-item-separator elementor-repeater-item-acf6a1d wpr-grid-item-display-block wpr-grid-item-align-left wpr-grid-sep-style-1\"><div class=\"inner-block\"><span><\/span><\/div><\/div><div class=\"wpr-grid-item-date elementor-repeater-item-c97e112 wpr-grid-item-display-inline wpr-grid-item-align-center\"><div class=\"inner-block\"><span>Marzo 2026<span class=\"wpr-grid-extra-text-right\"><\/span><\/span><\/div><\/div><div class=\"wpr-grid-item-separator elementor-repeater-item-1281b9b wpr-grid-item-display-block wpr-grid-item-align-left wpr-grid-sep-style-1\"><div class=\"inner-block\"><span><\/span><\/div><\/div><div class=\"wpr-grid-item-excerpt elementor-repeater-item-2f97af2 wpr-grid-item-display-block wpr-grid-item-align-center\"><div class=\"inner-block\"><p>Presso il Salone Tartara a Casale Monferrato (AL) Dal 15 al 29 Marzo 2026 Alle 10:30 \/ 14:30 \/ 17:00...<\/p><\/div><\/div><div class=\"wpr-grid-item-read-more elementor-repeater-item-0400890 wpr-grid-item-display-block wpr-grid-item-align-center\"><div class=\"inner-block\"><a target=\"_self\" href=\"https:\/\/reterr.it\/?p=4373\" class=\"wpr-button-effect wpr-button-none\"><span>Approfondisci<\/span><\/a><\/div><\/div><\/div><\/div><\/article><\/section><div class=\"wpr-grid-pagination elementor-clearfix wpr-grid-pagination-load-more\"><a href=\"https:\/\/reterr.it\/index.php?rest_route=%2Fwp%2Fv2%2Fpages%2F2163&#038;paged=2\" class=\"wpr-load-more-btn\" data-e-disable-page-transition ><\/a><div class=\"wpr-pagination-loading\"><\/div><p class=\"wpr-pagination-finish\"><\/p><\/div>\t\t\t\t<\/div>\n\t\t\t\t<\/div>\n\t\t\t\t\t<\/div>\n\t\t\t\t<\/div>\n\t\t\t\t<\/div>\n\t\t","protected":false},"excerpt":{"rendered":"<p>Siamo un&#8217;Associazione di Solidariet\u00e0 Internazionale Persone che condividono il desiderio e l&#8217;impegno di poter essere voce di chi non ha voce. Diffondiamo informazioni trascurate dai media. Sosteniamo chi ha un sogno di liberazione. Scopri di pi\u00f9 Come Aderire All Posts Eventi Controinformazione &nbsp;&nbsp;Back Convegni Seminari Coordinamenti 25 Ottobre 2025 \u2013 Rurale e Urbano \u2013 Coltivare cibo e relazioni Ottobre 2025 Dalla pratica contadina nasce un nuovo progetto di Societ\u00e0 che coniuga sovranit\u00e0 alimentare, solidariet\u00e0, autodeterminazione ed inclusione sociale Interventi di:&#8230; Approfondisci Mezz&#8217;ora di silenzio per la pace e la giustizia Ottobre 2025 Incontri settimanali da Mercoled\u00ec 8 Ottobre a Mercoled\u00ec 17 Dicembre 2025 &#8211; Dalle 16 alle 18 c\/o Aula Magna dell&#8217;Istituto&#8230; Approfondisci La distruzione dell&#8217;identit\u00e0 del popolo palestinese Ottobre 2025 WEBINAR &#8211; Gioved\u00ec 9 Ottobre 2025 online https:\/\/www.flcgil.it\/@3972629 \ud835\udde7\ud835\uddf2\ud835\uddfb\ud835\uddf6\ud835\uddee\ud835\uddfa\ud835\uddfc \ud835\uddee\ud835\uddf9\ud835\ude01\ud835\uddee \ud835\uddf9\u2019\ud835\uddee\ud835\ude01\ud835\ude01\ud835\uddf2\ud835\uddfb\ud835\ude07\ud835\uddf6\ud835\uddfc\ud835\uddfb\ud835\uddf2 \ud835\ude00\ud835\ude02\ud835\uddf9 \ud835\uddf4\ud835\uddf2\ud835\uddfb\ud835\uddfc\ud835\uddf0\ud835\uddf6\ud835\uddf1\ud835\uddf6\ud835\uddfc \ud835\uddf6\ud835\uddfb \ud835\udde3\ud835\uddee\ud835\uddf9\ud835\uddf2\ud835\ude00\ud835\ude01\ud835\uddf6\ud835\uddfb\ud835\uddee. \ud835\uddea\ud835\uddf2\ud835\uddef\ud835\uddf6\ud835\uddfb\ud835\uddee\ud835\uddff \ud835\uddf4\ud835\uddf6\ud835\uddfc\ud835\ude03\ud835\uddf2\ud835\uddf1\ud835\uddf6\u0300 \ud835\udff5 \ud835\uddfc\ud835\ude01\ud835\ude01\ud835\uddfc\ud835\uddef\ud835\uddff\ud835\uddf2 Il&#8230; Approfondisci Luci sulla Palestina Ottobre 2025 FlashMob 2 Ottobre 2025 h. 20.45 c\/o Ospedale GALLIERA Genova All Posts Eventi 25 Ottobre 2025 &#8211; Rurale e Urbano&#8230; Approfondisci 32a Marcia per la Giustizia Settembre 2025 Percorsi per la risoluzione dei conflitti e la tutela dei diritti Sabato 6 Settembre 2025 c\/o QUARRATA (PT) Piazza del&#8230; Approfondisci Cagliari 29 Giugno: Insieme per la pace disarmata Giugno 2025 CAGLIARI &#8211; Domenica 29 Giugno &#8211; dalle 9:30 alle13 presso il Teatro Sant&#8217;Eulalia All Posts Eventi 25 Ottobre 2025 &#8211;&#8230; Approfondisci<\/p>\n","protected":false},"author":1,"featured_media":0,"parent":0,"menu_order":0,"comment_status":"closed","ping_status":"closed","template":"","meta":{"footnotes":""},"class_list":["post-2163","page","type-page","status-publish","hentry"],"_links":{"self":[{"href":"https:\/\/reterr.it\/index.php?rest_route=\/wp\/v2\/pages\/2163","targetHints":{"allow":["GET"]}}],"collection":[{"href":"https:\/\/reterr.it\/index.php?rest_route=\/wp\/v2\/pages"}],"about":[{"href":"https:\/\/reterr.it\/index.php?rest_route=\/wp\/v2\/types\/page"}],"author":[{"embeddable":true,"href":"https:\/\/reterr.it\/index.php?rest_route=\/wp\/v2\/users\/1"}],"replies":[{"embeddable":true,"href":"https:\/\/reterr.it\/index.php?rest_route=%2Fwp%2Fv2%2Fcomments&post=2163"}],"version-history":[{"count":93,"href":"https:\/\/reterr.it\/index.php?rest_route=\/wp\/v2\/pages\/2163\/revisions"}],"predecessor-version":[{"id":4495,"href":"https:\/\/reterr.it\/index.php?rest_route=\/wp\/v2\/pages\/2163\/revisions\/4495"}],"wp:attachment":[{"href":"https:\/\/reterr.it\/index.php?rest_route=%2Fwp%2Fv2%2Fmedia&parent=2163"}],"curies":[{"name":"wp","href":"https:\/\/api.w.org\/{rel}","templated":true}]}}