{"id":228,"date":"2025-04-22T06:53:45","date_gmt":"2025-04-22T06:53:45","guid":{"rendered":"https:\/\/reterr.it\/?page_id=228"},"modified":"2025-11-14T10:14:33","modified_gmt":"2025-11-14T10:14:33","slug":"chi-siamo-2","status":"publish","type":"page","link":"https:\/\/reterr.it\/?page_id=228","title":{"rendered":"Chi Siamo"},"content":{"rendered":"\t\t<div data-elementor-type=\"wp-page\" data-elementor-id=\"228\" class=\"elementor elementor-228\">\n\t\t\t\t<div class=\"elementor-element elementor-element-e90c674 e-flex e-con-boxed elementor-repeater-item-default_padding sk-none elementor-repeater-item-none elementor-repeater-item-none_hover e-con e-parent\" data-id=\"e90c674\" data-element_type=\"container\" data-settings=\"{&quot;background_background&quot;:&quot;classic&quot;,&quot;ang_container_spacing_size&quot;:&quot;default_padding&quot;}\">\n\t\t\t\t\t<div class=\"e-con-inner\">\n\t\t\t\t<div class=\"elementor-element elementor-element-56dc588 elementor-repeater-item-none elementor-repeater-item-none_hover elementor-widget elementor-widget-text-editor\" data-id=\"56dc588\" data-element_type=\"widget\" data-widget_type=\"text-editor.default\">\n\t\t\t\t<div class=\"elementor-widget-container\">\n\t\t\t\t\t\t\t\t\t<h2><strong><u>CARTA DELLA RETE RADI\u00c9 RESCH<\/u><\/strong><\/h2>\t\t\t\t\t\t\t\t<\/div>\n\t\t\t\t<\/div>\n\t\t\t\t<div class=\"elementor-element elementor-element-c8ff382 elementor-repeater-item-shadow_2 elementor-repeater-item-none_hover elementor-widget elementor-widget-text-editor\" data-id=\"c8ff382\" data-element_type=\"widget\" data-widget_type=\"text-editor.default\">\n\t\t\t\t<div class=\"elementor-widget-container\">\n\t\t\t\t\t\t\t\t\t<h2>LE ORIGINI<\/h2><p>La Rete Radi\u00e9 Resch \u00e8 un\u2019Associazione di Solidariet\u00e0 Internazionale fondata nel 1964 da Ettore Masina e Clotilde Buraggi, su ispirazione di Paul Gauthier.<\/p><p>Su proposta di Paul Gauthier, Ettore Masina e Clotilde Buraggi promossero la creazione di una serie di gruppi locali (una\u00a0<strong><em>Rete<\/em><\/strong>, appunto), che cooperassero per sostenere, inizialmente, i progetti di Paul Gauthier in Palestina, quindi quelli dei suoi\u00a0<em>compagnons<\/em>\u00a0in Sud America e, successivamente, le Operazioni via via approvate.<\/p><p>Il suo spirito pu\u00f2 essere sinteticamente riassunto nelle parole del suo ispiratore:\u00a0\u201c<em>Le vostre preghiere e le vostre donazioni non serviranno a nulla se non cercherete di incidere sulle scelte politiche dell\u2019occidente<\/em>\u201d.<\/p><p>Perci\u00f2 l\u2019Associazione, pur avendo connotazione aconfessionale e apartitica, non \u00e8 mai neutrale ma sempre schierata a sostegno dei pi\u00f9 poveri.<\/p><p>Pu\u00f2 aderirvi chiunque, indipendentemente da nazionalit\u00e0, opinioni politiche, credo religioso ed orientamento sessuale, in modo gratuito, volontario e senza scopo di lucro.<\/p>\t\t\t\t\t\t\t\t<\/div>\n\t\t\t\t<\/div>\n\t\t\t\t<div class=\"elementor-element elementor-element-fd967e4 elementor-repeater-item-shadow_2 elementor-repeater-item-none_hover elementor-widget elementor-widget-text-editor\" data-id=\"fd967e4\" data-element_type=\"widget\" data-widget_type=\"text-editor.default\">\n\t\t\t\t<div class=\"elementor-widget-container\">\n\t\t\t\t\t\t\t\t\t<h2>IL NOME<\/h2><p><strong><em>Rete<\/em><\/strong>\u00a0deriva dal francese\u00a0<em>r\u00e8seau,<\/em>\u00a0termine usato per i gruppi di appoggio alla rete antinazista in Francia.<\/p><p><strong><em>Radi\u00e9 Resch<\/em><\/strong>\u00a0\u00e8 il nome di una bambina palestinese, morta di stenti in un tugurio di Nazareth, mentre con la famiglia attendeva l\u2019assegnazione di una casa che la nascente associazione, con il suo primo intervento, contribu\u00ec a costruire.<\/p>\t\t\t\t\t\t\t\t<\/div>\n\t\t\t\t<\/div>\n\t\t\t\t<div class=\"elementor-element elementor-element-58743fd elementor-repeater-item-shadow_2 elementor-repeater-item-none_hover elementor-widget elementor-widget-text-editor\" data-id=\"58743fd\" data-element_type=\"widget\" data-widget_type=\"text-editor.default\">\n\t\t\t\t<div class=\"elementor-widget-container\">\n\t\t\t\t\t\t\t\t\t<h2>GLI SCOPI<\/h2><div><p>Chi aderisce alla Rete Radi\u00e9 Resch \u00e8 consapevole che il sistema capitalista, con la sua struttura economica, finanziaria e militare, \u00e8 la causa dello sfruttamento e dell\u2019impoverimento del Sud del mondo, \u00e8 una delle cause principali delle migrazioni e dei cambiamenti climatici e genera disuguaglianze ed esclusione sempre maggiori anche nei paesi ricchi.<\/p><p>Riconosce che gli stili di vita e l\u2019agio economico di cui si gode nei paesi nord-occidentali sono possibili, perch\u00e9 basati sullo sfruttamento di milioni di uomini e donne e delle risorse della Terra, bene comune di tutta l\u2019umanit\u00e0.<\/p><p>A partire dalla consapevolezza di questa ingiustizia strutturale, gli aderenti alla Rete Radi\u00e9 Resch si impegnano in un\u2019azione di restituzione, come segno concreto di opposizione al sistema capitalista e neoliberista e di solidariet\u00e0 con i poveri che esso produce.<\/p><\/div>\t\t\t\t\t\t\t\t<\/div>\n\t\t\t\t<\/div>\n\t\t\t\t<div class=\"elementor-element elementor-element-b15790f elementor-repeater-item-shadow_2 elementor-repeater-item-none_hover elementor-widget elementor-widget-text-editor\" data-id=\"b15790f\" data-element_type=\"widget\" data-widget_type=\"text-editor.default\">\n\t\t\t\t<div class=\"elementor-widget-container\">\n\t\t\t\t\t\t\t\t\t<h2>LA RESTITUZIONE<\/h2><div><p>La restituzione rappresenta la scelta personale del\u00a0<em>\u201cfar posto agli impoveriti nella nostra vita\u201d\u00a0<\/em>ed ha un preciso significato politico. Essa avviene attraverso:<\/p><ol><li>lo studio, l\u2019approfondimento e la denuncia delle cause e dei meccanismi dello sfruttamento;<\/li><li>l\u2019attivit\u00e0 di controinformazione, anche attraverso testimonianze dirette, che renda manifesti tali meccanismi, \u201c<em>dando voce a chi non ha voce<\/em>\u201d;<\/li><li>l\u2019attivit\u00e0 politica come azione di contrasto ad un sistema globale iniquo;<\/li><li>l\u2019autotassazione personale, che \u00e8 lo strumento principale con cui la Rete Radi\u00e9 Resch raccoglie i fondi necessari per rendere concreta la propria attivit\u00e0;<\/li><li>il sostegno a gruppi e associazioni che propongono nuovi stili di vita.<\/li><\/ol><\/div>\t\t\t\t\t\t\t\t<\/div>\n\t\t\t\t<\/div>\n\t\t\t\t<div class=\"elementor-element elementor-element-f8da4e9 elementor-repeater-item-shadow_2 elementor-repeater-item-none_hover elementor-widget elementor-widget-text-editor\" data-id=\"f8da4e9\" data-element_type=\"widget\" data-widget_type=\"text-editor.default\">\n\t\t\t\t<div class=\"elementor-widget-container\">\n\t\t\t\t\t\t\t\t\t<h2>LA STRUTTURA ORGANIZZATIVA<\/h2><p>La Rete Radi\u00e9 Resch ha una struttura organizzativa <strong><em>essenziale e non burocratica<\/em><\/strong>, espressione di due valori fondamentali:<\/p><ol><li>la partecipazione diffusa dei suoi aderenti alle scelte della vita della Rete, nella maniera il pi\u00f9 possibile condivisa ed orizzontale;<\/li><li>la limitazione delle spese correnti destinate al mantenimento della struttura organizzativa, in modo tale che i fondi raccolti con l\u2019autotassazione siano quasi per intero impiegati nella realizzazione degli\u00a0scopi che la Rete si \u00e8 data.<\/li><\/ol><p>Per tale motivo, la Rete Radi\u00e9 Resch non ha una propria sede fisica e non dispone di uffici.<\/p><p>La struttura della Rete Radi\u00e9 Resch \u00e8 composta da:<\/p><ol><li><strong><em>i singoli aderenti<\/em><\/strong>, che<em>\u00a0<\/em>fanno capo alle Reti Locali;<\/li><li><strong><em>le Reti Locali<\/em><\/strong>\u00a0che, riconoscendosi nello Statuto ed in questa Carta, hanno\u00a0organizzazione ed attivit\u00e0 autonome ed esprimono ciascuna un proprio\u00a0<strong><em>Referente<\/em><\/strong><em>.<\/em>\u00a0Esse dialogano e collabora-no tra di loro e con tutte quelle realt\u00e0 che, nel territorio, perseguono fini comuni a quelli della Rete;<\/li><li><strong><em>il Coordinamento<\/em><\/strong>,<strong><em>\u00a0<\/em><\/strong>che raggruppa, in modo informale, i Referenti delle Reti Locali e quanti vogliano parteciparvi. Esso si riunisce periodicamente, in presenza o da remoto, ed assume tutte le decisioni che riguardano la vita associativa, fatta eccezione per quelle che la legge o lo statuto assegnano all\u2019Assemblea dei Soci;<\/li><li><strong><em>la Segreteria<\/em><\/strong>, che ha compiti organizzativi ed esegue le decisioni del Coordinamento. In casi di particolare urgenza, pu\u00f2 assumere decisioni in luogo di quest\u2019ultimo, salva successiva ratifica.<\/li><li><strong><em>la Tesoreria<\/em><\/strong>\u00a0che, sulla base delle indicazioni fornite dal Coordinamento, ha il compito della gestione economica del denaro raccolto con le autotassazioni degli aderenti, che confluisce nella Cassa Comune Nazionale. La\u00a0Tesoreria opera effettuando i versamenti a sostegno delle Operazioni, provvedendo alle spese sostenute per\u00a0le varie attivit\u00e0 (coordinamenti, convegni, seminari) e redigendo il bilancio annuale.<\/li><\/ol>\t\t\t\t\t\t\t\t<\/div>\n\t\t\t\t<\/div>\n\t\t\t\t<div class=\"elementor-element elementor-element-99c043f elementor-repeater-item-shadow_2 elementor-repeater-item-none_hover elementor-widget elementor-widget-text-editor\" data-id=\"99c043f\" data-element_type=\"widget\" data-widget_type=\"text-editor.default\">\n\t\t\t\t<div class=\"elementor-widget-container\">\n\t\t\t\t\t\t\t\t\t<h2>IL METODO DEL CONSENSO<\/h2><p>Il sistema decisionale assunto dalla Rete Radi\u00e9 Resch \u00e8 il metodo del consenso. Ci\u00f2 significa che le decisioni assunte sono il risultato di un confronto tra tutti i soggetti interessati, per giungere ad una sintesi condivisa e non limitata ad un voto a maggioranza.<\/p>\t\t\t\t\t\t\t\t<\/div>\n\t\t\t\t<\/div>\n\t\t\t\t<div class=\"elementor-element elementor-element-83a0e83 elementor-repeater-item-shadow_2 elementor-repeater-item-none_hover elementor-widget elementor-widget-text-editor\" data-id=\"83a0e83\" data-element_type=\"widget\" data-widget_type=\"text-editor.default\">\n\t\t\t\t<div class=\"elementor-widget-container\">\n\t\t\t\t\t\t\t\t\t<h2>LE RELAZIONI<\/h2><p>La relazione \u00e8 uno dei valori fondanti della Rete Radi\u00e9 Resch.<\/p><p>Rappresenta l\u2019alternativa al diffuso individualismo, che genera logiche di chiusura verso \u201c<em>l\u2019altro da s\u00e9<\/em>\u201d. Una relazione intesa come tensione verso l\u2019altro,\u00a0che includa non solo l\u2019essere umano, ma ogni essere vivente e ogni differente visione del mondo, nella convinzione che la Terra sia il luogo che accoglie e lega tra loro tutte le creature che la abitano.<\/p><p>Tale relazione deve essere:<\/p><ul><li>assolutamente paritaria, perch\u00e9 ogni persona ha diritto a ricevere solidariet\u00e0 ed \u00e8 in grado di offrirne, non importa dove viva e quali siano le sue condizioni sociali o economiche;<\/li><li>modalit\u00e0 fondamentale per valorizzare il patrimonio di conoscenza e gli stili di vita delle comunit\u00e0 in cui o a favore di cui la Rete opera, nella consapevolezza che la diversit\u00e0 dell\u2019altro \u00e8 ricchezza e scuola di vita.<\/li><\/ul><p>I rapporti tra i membri della Rete e le comunit\u00e0 in cui o a favore di cui essa opera, si concretizzano attraverso contatti costanti e, ove possibile,\u00a0<strong><em>viaggi da e per l\u2019Italia<\/em><\/strong>. L\u2019incontro \u00e8 fonte di reciproca conoscenza ed occasione di testimonianza delle rispettive realt\u00e0 e visioni.<\/p>\t\t\t\t\t\t\t\t<\/div>\n\t\t\t\t<\/div>\n\t\t\t\t<div class=\"elementor-element elementor-element-5b1795c elementor-repeater-item-shadow_2 elementor-repeater-item-none_hover elementor-widget elementor-widget-text-editor\" data-id=\"5b1795c\" data-element_type=\"widget\" id=\"Linkscuro\" data-widget_type=\"text-editor.default\">\n\t\t\t\t<div class=\"elementor-widget-container\">\n\t\t\t\t\t\t\t\t\t<h2>L&#8217;ATTIVITA&#8217; POLITICA E DI CONTROINFORMAZIONE<\/h2>\nLa Rete Radi\u00e9 Resch pone l\u2019attivit\u00e0 politica al centro della propria azione ed \u00e8 contro ogni forma di fascismo.\n\nEssa non si identifica in alcun partito politico, ma \u00e8 inequivocabilmente schierata a favore degli ultimi a livello locale, nazionale ed internazionale.\n\nGrazie alla scelta di praticare un tipo di solidariet\u00e0 non assistenzialistica o meramente caritativa, la Rete Radi\u00e9 Resch mira ad individuare e contrastare i meccanismi di ingiustizia su cui si regge il sistema economico, finanziario e militare dominante.\n\nL\u2019attivit\u00e0 politica della Rete si esprime anche mediante un\u2019opera di controinformazione per mezzo di pubblicazioni (tra cui il sito\u00a0<a style=\"color:#000;\" href=\"https:\/\/www.reterr.it\/\">www.reterr.it<\/a>, la rivista \u201cIn Dialogo\u201d e le circolari nazionali e locali), convegni, seminari ed attivit\u00e0 di sensibilizzazione sul territorio, con lo scopo di denunciare i meccanismi di ingiustizia e contemporaneamente valorizzare le culture delle comunit\u00e0 con cui entra in contatto, dare voce alle loro istanze ed alle loro forme di lotta e di resistenza.\n\nLa Rete Radi\u00e9 Resch \u00e8 consapevole che giustizia e pace sono strettamente correlate e per tale ragione opera in modo nonviolento.\t\t\t\t\t\t\t\t<\/div>\n\t\t\t\t<\/div>\n\t\t\t\t<div class=\"elementor-element elementor-element-fe9477d elementor-repeater-item-shadow_2 elementor-repeater-item-none_hover elementor-widget elementor-widget-text-editor\" data-id=\"fe9477d\" data-element_type=\"widget\" data-widget_type=\"text-editor.default\">\n\t\t\t\t<div class=\"elementor-widget-container\">\n\t\t\t\t\t\t\t\t\t<h2>LE OPERAZIONI<\/h2><p>L\u2019azione di solidariet\u00e0 della Rete Radi\u00e9 Resch si realizza attraverso le Operazioni, a sostegno di comunit\u00e0 dei Paesi del Sud del mondo, dei poveri e degli esclusi dei Paesi Occidentali e di coloro che sono costretti a emigrare a causa della guerra, della povert\u00e0, della fame, dei cambiamenti climatici.<\/p><p>La Rete Radi\u00e9 Resch destina la maggior parte delle proprie risorse economiche alle Operazioni.<\/p><p>E\u2019 consapevole che il denaro costituisce il mezzo e non il fine della propria attivit\u00e0 di solidariet\u00e0 e che ogni Operazione ha come scopo primario quello di instaurare un processo di crescita reciproca con la comunit\u00e0 con cui \u00e8 in relazione.<\/p><p>Ogni Operazione nasce, quindi, su proposta della comunit\u00e0 in cui dovr\u00e0 svilupparsi, utilizzando metodi ed energie proprie di detta comunit\u00e0. Per questa ragione, il Referente locale dell\u2019Operazione deve far parte di essa o esservi inserito da molto tempo. In questo modo si evitano atteggiamenti paternalistici o di stampo neocolonialista e si privilegia una prospettiva di amicizia, condivisione e solidariet\u00e0.<\/p><p>Normalmente, ciascuna Rete Locale segue, promuove o collabora con altri a una o pi\u00f9 operazioni specifiche, in stretta relazione con il suo Referente. E\u2019 anche possibile che una o pi\u00f9 Operazioni siano seguite direttamente dal Coordinamento.<\/p>\t\t\t\t\t\t\t\t<\/div>\n\t\t\t\t<\/div>\n\t\t\t\t<div class=\"elementor-element elementor-element-bffdab7 elementor-repeater-item-shadow_2 elementor-repeater-item-none_hover elementor-widget elementor-widget-text-editor\" data-id=\"bffdab7\" data-element_type=\"widget\" data-widget_type=\"text-editor.default\">\n\t\t\t\t<div class=\"elementor-widget-container\">\n\t\t\t\t\t\t\t\t\t<h2>L&#8217;AUTOTASSAZIONE<\/h2><p>L\u2019autotassazione consiste nel versamento periodico di una percentuale del proprio reddito, liberamente decisa da ciascuno e ciascuna e nella messa a disposizione di tempo, conoscenze e competenze, a seconda delle proprie capacit\u00e0 e disponibilit\u00e0.<\/p><p>Le Reti Locali raccolgono l\u2019autotassazione dei rispettivi gruppi e inviano periodicamente il denaro alla Cassa Comune Nazionale.<\/p><p>La redistribuzione, decisa in sede di Coordinamento, permette una destinazione equa delle risorse economiche alle diverse Operazioni seguite dalle Reti Locali.<\/p>\t\t\t\t\t\t\t\t<\/div>\n\t\t\t\t<\/div>\n\t\t\t\t<div class=\"elementor-element elementor-element-0e4f44e elementor-repeater-item-shadow_2 elementor-repeater-item-none_hover elementor-widget elementor-widget-text-editor\" data-id=\"0e4f44e\" data-element_type=\"widget\" data-widget_type=\"text-editor.default\">\n\t\t\t\t<div class=\"elementor-widget-container\">\n\t\t\t\t\t\t\t\t\t<h2>LA GESTIONE DEL DENARO<\/h2><p>La gestione dei fondi si svolge secondo i principi di correttezza contabile e fiscale, trasparenza e massima economicit\u00e0, a testimonianza dei valori fondanti della Rete e della credibilit\u00e0 ed efficacia del suo operato.<\/p>\t\t\t\t\t\t\t\t<\/div>\n\t\t\t\t<\/div>\n\t\t\t\t<div class=\"elementor-element elementor-element-484739a elementor-repeater-item-shadow_2 elementor-repeater-item-none_hover elementor-widget elementor-widget-text-editor\" data-id=\"484739a\" data-element_type=\"widget\" id=\"Adesione\" data-widget_type=\"text-editor.default\">\n\t\t\t\t<div class=\"elementor-widget-container\">\n\t\t\t\t\t\t\t\t\t<h2>COME ADERIRE<\/h2><p>L\u2019adesione alla Rete Radi\u00e9 Resch implica, ovviamente, adesione ai suoi principi.<\/p><p>Quindi, essa richiede due forme di impegno:<\/p><ol><li>Da un lato, quello di approfondire\u00a0 le cause dello sfruttamento del Sud del mondo e di collaborare con le attivit\u00e0 e le iniziative della Rete Locale di cui si entra a far parte.<\/li><\/ol><ol start=\"2\"><li>Dall\u2019altro, quello di effettuare il versamento periodico, di regola mensile, di una somma di denaro a favore dell\u2019associazione; denaro che sar\u00e0 utilizzato in misura quasi esclusiva per sostenere le operazioni in corso. Non esistono regole che fissino l\u2019importo del versamento: esso \u00e8 lasciato alla sensibilit\u00e0 di ciascuno. A titolo puramente indicativo, l\u2019autotassazione pu\u00f2 avere ad oggetto una somma pari all\u20191-2 % del reddito mensile.<\/li><\/ol><p>E\u2019 preferibile che l\u2019adesione avvenga all\u2019interno di una Rete Locale gi\u00e0 esistente. Basta, quindi, scorrere l\u2019elenco contenuto in questo sito e prendere contatto con il referente della Rete Locale pi\u00f9 vicina, ai recapiti ivi indicati.<\/p><p>In assenza di Reti Locali facilmente raggiungibili, \u00e8 anche possibile creare una nuova Rete Locale. Il nucleo di partenza pu\u00f2 essere composto anche da sole 3 o 4 persone.<\/p><p>In questo caso, occorre prendere contatto con la Segreteria Nazionale (i recapiti sono indicati nella pagina <a href=\"https:\/\/reterr.it\/?page_id=37\">Contatti e Referenti<\/a>) e si render\u00e0 necessario un breve percorso di formazione, per conoscere pi\u00f9 approfonditamente le modalit\u00e0 di funzionamento della nostra associazione, sia a livello locale, sia a livello nazionale.<\/p>\t\t\t\t\t\t\t\t<\/div>\n\t\t\t\t<\/div>\n\t\t\t\t\t<\/div>\n\t\t\t\t<\/div>\n\t\t\t\t<\/div>\n\t\t","protected":false},"excerpt":{"rendered":"<p>CARTA DELLA RETE RADI\u00c9 RESCH LE ORIGINI La Rete Radi\u00e9 Resch \u00e8 un\u2019Associazione di Solidariet\u00e0 Internazionale fondata nel 1964 da Ettore Masina e Clotilde Buraggi, su ispirazione di Paul Gauthier. Su proposta di Paul Gauthier, Ettore Masina e Clotilde Buraggi promossero la creazione di una serie di gruppi locali (una\u00a0Rete, appunto), che cooperassero per sostenere, inizialmente, i progetti di Paul Gauthier in Palestina, quindi quelli dei suoi\u00a0compagnons\u00a0in Sud America e, successivamente, le Operazioni via via approvate. Il suo spirito pu\u00f2 essere sinteticamente riassunto nelle parole del suo ispiratore:\u00a0\u201cLe vostre preghiere e le vostre donazioni non serviranno a nulla se non cercherete di incidere sulle scelte politiche dell\u2019occidente\u201d. Perci\u00f2 l\u2019Associazione, pur avendo connotazione aconfessionale e apartitica, non \u00e8 mai neutrale ma sempre schierata a sostegno dei pi\u00f9 poveri. Pu\u00f2 aderirvi chiunque, indipendentemente da nazionalit\u00e0, opinioni politiche, credo religioso ed orientamento sessuale, in modo gratuito, volontario e senza scopo di lucro. IL NOME Rete\u00a0deriva dal francese\u00a0r\u00e8seau,\u00a0termine usato per i gruppi di appoggio alla rete antinazista in Francia. Radi\u00e9 Resch\u00a0\u00e8 il nome di una bambina palestinese, morta di stenti in un tugurio di Nazareth, mentre con la famiglia attendeva l\u2019assegnazione di una casa che la nascente associazione, con il suo primo intervento, contribu\u00ec a costruire. GLI SCOPI Chi aderisce alla Rete Radi\u00e9 Resch \u00e8 consapevole che il sistema capitalista, con la sua struttura economica, finanziaria e militare, \u00e8 la causa dello sfruttamento e dell\u2019impoverimento del Sud del mondo, \u00e8 una delle cause principali delle migrazioni e dei cambiamenti climatici e genera disuguaglianze ed esclusione sempre maggiori anche nei paesi ricchi. Riconosce che gli stili di vita e l\u2019agio economico di cui si gode nei paesi nord-occidentali sono possibili, perch\u00e9 basati sullo sfruttamento di milioni di uomini e donne e delle risorse della Terra, bene comune di tutta l\u2019umanit\u00e0. A partire dalla consapevolezza di questa ingiustizia strutturale, gli aderenti alla Rete Radi\u00e9 Resch si impegnano in un\u2019azione di restituzione, come segno concreto di opposizione al sistema capitalista e neoliberista e di solidariet\u00e0 con i poveri che esso produce. LA RESTITUZIONE La restituzione rappresenta la scelta personale del\u00a0\u201cfar posto agli impoveriti nella nostra vita\u201d\u00a0ed ha un preciso significato politico. Essa avviene attraverso: lo studio, l\u2019approfondimento e la denuncia delle cause e dei meccanismi dello sfruttamento; l\u2019attivit\u00e0 di controinformazione, anche attraverso testimonianze dirette, che renda manifesti tali meccanismi, \u201cdando voce a chi non ha voce\u201d; l\u2019attivit\u00e0 politica come azione di contrasto ad un sistema globale iniquo; l\u2019autotassazione personale, che \u00e8 lo strumento principale con cui la Rete Radi\u00e9 Resch raccoglie i fondi necessari per rendere concreta la propria attivit\u00e0; il sostegno a gruppi e associazioni che propongono nuovi stili di vita. LA STRUTTURA ORGANIZZATIVA La Rete Radi\u00e9 Resch ha una struttura organizzativa essenziale e non burocratica, espressione di due valori fondamentali: la partecipazione diffusa dei suoi aderenti alle scelte della vita della Rete, nella maniera il pi\u00f9 possibile condivisa ed orizzontale; la limitazione delle spese correnti destinate al mantenimento della struttura organizzativa, in modo tale che i fondi raccolti con l\u2019autotassazione siano quasi per intero impiegati nella realizzazione degli\u00a0scopi che la Rete si \u00e8 data. Per tale motivo, la Rete Radi\u00e9 Resch non ha una propria sede fisica e non dispone di uffici. La struttura della Rete Radi\u00e9 Resch \u00e8 composta da: i singoli aderenti, che\u00a0fanno capo alle Reti Locali; le Reti Locali\u00a0che, riconoscendosi nello Statuto ed in questa Carta, hanno\u00a0organizzazione ed attivit\u00e0 autonome ed esprimono ciascuna un proprio\u00a0Referente.\u00a0Esse dialogano e collabora-no tra di loro e con tutte quelle realt\u00e0 che, nel territorio, perseguono fini comuni a quelli della Rete; il Coordinamento,\u00a0che raggruppa, in modo informale, i Referenti delle Reti Locali e quanti vogliano parteciparvi. Esso si riunisce periodicamente, in presenza o da remoto, ed assume tutte le decisioni che riguardano la vita associativa, fatta eccezione per quelle che la legge o lo statuto assegnano all\u2019Assemblea dei Soci; la Segreteria, che ha compiti organizzativi ed esegue le decisioni del Coordinamento. In casi di particolare urgenza, pu\u00f2 assumere decisioni in luogo di quest\u2019ultimo, salva successiva ratifica. la Tesoreria\u00a0che, sulla base delle indicazioni fornite dal Coordinamento, ha il compito della gestione economica del denaro raccolto con le autotassazioni degli aderenti, che confluisce nella Cassa Comune Nazionale. La\u00a0Tesoreria opera effettuando i versamenti a sostegno delle Operazioni, provvedendo alle spese sostenute per\u00a0le varie attivit\u00e0 (coordinamenti, convegni, seminari) e redigendo il bilancio annuale. IL METODO DEL CONSENSO Il sistema decisionale assunto dalla Rete Radi\u00e9 Resch \u00e8 il metodo del consenso. Ci\u00f2 significa che le decisioni assunte sono il risultato di un confronto tra tutti i soggetti interessati, per giungere ad una sintesi condivisa e non limitata ad un voto a maggioranza. LE RELAZIONI La relazione \u00e8 uno dei valori fondanti della Rete Radi\u00e9 Resch. Rappresenta l\u2019alternativa al diffuso individualismo, che genera logiche di chiusura verso \u201cl\u2019altro da s\u00e9\u201d. Una relazione intesa come tensione verso l\u2019altro,\u00a0che includa non solo l\u2019essere umano, ma ogni essere vivente e ogni differente visione del mondo, nella convinzione che la Terra sia il luogo che accoglie e lega tra loro tutte le creature che la abitano. Tale relazione deve essere: assolutamente paritaria, perch\u00e9 ogni persona ha diritto a ricevere solidariet\u00e0 ed \u00e8 in grado di offrirne, non importa dove viva e quali siano le sue condizioni sociali o economiche; modalit\u00e0 fondamentale per valorizzare il patrimonio di conoscenza e gli stili di vita delle comunit\u00e0 in cui o a favore di cui la Rete opera, nella consapevolezza che la diversit\u00e0 dell\u2019altro \u00e8 ricchezza e scuola di vita. I rapporti tra i membri della Rete e le comunit\u00e0 in cui o a favore di cui essa opera, si concretizzano attraverso contatti costanti e, ove possibile,\u00a0viaggi da e per l\u2019Italia. L\u2019incontro \u00e8 fonte di reciproca conoscenza ed occasione di testimonianza delle rispettive realt\u00e0 e visioni. L&#8217;ATTIVITA&#8217; POLITICA E DI CONTROINFORMAZIONE La Rete Radi\u00e9 Resch pone l\u2019attivit\u00e0 politica al centro della propria azione ed \u00e8 contro ogni forma di fascismo. Essa non si identifica in alcun partito politico, ma \u00e8 inequivocabilmente schierata a favore degli ultimi a livello locale, nazionale ed internazionale. Grazie alla scelta di praticare un tipo di<\/p>\n","protected":false},"author":1,"featured_media":0,"parent":0,"menu_order":0,"comment_status":"closed","ping_status":"closed","template":"","meta":{"footnotes":""},"class_list":["post-228","page","type-page","status-publish","hentry"],"_links":{"self":[{"href":"https:\/\/reterr.it\/index.php?rest_route=\/wp\/v2\/pages\/228","targetHints":{"allow":["GET"]}}],"collection":[{"href":"https:\/\/reterr.it\/index.php?rest_route=\/wp\/v2\/pages"}],"about":[{"href":"https:\/\/reterr.it\/index.php?rest_route=\/wp\/v2\/types\/page"}],"author":[{"embeddable":true,"href":"https:\/\/reterr.it\/index.php?rest_route=\/wp\/v2\/users\/1"}],"replies":[{"embeddable":true,"href":"https:\/\/reterr.it\/index.php?rest_route=%2Fwp%2Fv2%2Fcomments&post=228"}],"version-history":[{"count":82,"href":"https:\/\/reterr.it\/index.php?rest_route=\/wp\/v2\/pages\/228\/revisions"}],"predecessor-version":[{"id":3861,"href":"https:\/\/reterr.it\/index.php?rest_route=\/wp\/v2\/pages\/228\/revisions\/3861"}],"wp:attachment":[{"href":"https:\/\/reterr.it\/index.php?rest_route=%2Fwp%2Fv2%2Fmedia&parent=228"}],"curies":[{"name":"wp","href":"https:\/\/api.w.org\/{rel}","templated":true}]}}